{"id":15688,"date":"2025-12-08T08:43:47","date_gmt":"2025-12-08T08:43:47","guid":{"rendered":"https:\/\/progression-dole.ch\/faq\/"},"modified":"2026-03-09T15:31:18","modified_gmt":"2026-03-09T15:31:18","slug":"faq","status":"publish","type":"page","link":"https:\/\/progression-dole.ch\/de\/faq\/","title":{"rendered":"FAQ"},"content":{"rendered":"\t\t<div data-elementor-type=\"wp-page\" data-elementor-id=\"15688\" class=\"elementor elementor-15688 elementor-14056\" data-elementor-post-type=\"page\">\n\t\t\t\t<div class=\"elementor-element elementor-element-96bc11f e-flex e-con-boxed e-con e-parent\" data-id=\"96bc11f\" data-element_type=\"container\" data-e-type=\"container\" data-settings=\"{&quot;background_background&quot;:&quot;classic&quot;,&quot;background_motion_fx_motion_fx_scrolling&quot;:&quot;yes&quot;,&quot;background_motion_fx_translateX_effect&quot;:&quot;yes&quot;,&quot;background_motion_fx_translateX_speed&quot;:{&quot;unit&quot;:&quot;px&quot;,&quot;size&quot;:1,&quot;sizes&quot;:[]},&quot;background_motion_fx_translateX_affectedRange&quot;:{&quot;unit&quot;:&quot;%&quot;,&quot;size&quot;:&quot;&quot;,&quot;sizes&quot;:{&quot;start&quot;:0,&quot;end&quot;:100}},&quot;background_motion_fx_devices&quot;:[&quot;desktop&quot;,&quot;laptop&quot;,&quot;tablet&quot;,&quot;mobile&quot;]}\">\n\t\t\t\t\t<div class=\"e-con-inner\">\n\t\t\t\t<div class=\"elementor-element elementor-element-6a82161 elementor-widget elementor-widget-heading\" data-id=\"6a82161\" data-element_type=\"widget\" data-e-type=\"widget\" data-widget_type=\"heading.default\">\n\t\t\t\t<div class=\"elementor-widget-container\">\n\t\t\t\t\t<span class=\"elementor-heading-title elementor-size-default\">Progression Dole<\/span>\t\t\t\t<\/div>\n\t\t\t\t<\/div>\n\t\t\t\t\t<\/div>\n\t\t\t\t<\/div>\n\t\t<div class=\"elementor-element elementor-element-1e6b410 e-flex e-con-boxed e-con e-parent\" data-id=\"1e6b410\" data-element_type=\"container\" data-e-type=\"container\">\n\t\t\t\t\t<div class=\"e-con-inner\">\n\t\t\t\t<div class=\"elementor-element elementor-element-0770cee elementor-widget__width-inherit elementor-widget elementor-widget-n-accordion\" data-id=\"0770cee\" data-element_type=\"widget\" data-e-type=\"widget\" data-settings=\"{&quot;default_state&quot;:&quot;expanded&quot;,&quot;max_items_expended&quot;:&quot;one&quot;,&quot;n_accordion_animation_duration&quot;:{&quot;unit&quot;:&quot;ms&quot;,&quot;size&quot;:400,&quot;sizes&quot;:[]}}\" data-widget_type=\"nested-accordion.default\">\n\t\t\t\t<div class=\"elementor-widget-container\">\n\t\t\t\t\t\t\t<div class=\"e-n-accordion\" aria-label=\"Accordion. Open links with Enter or Space, close with Escape, and navigate with Arrow Keys\">\n\t\t\t\t\t\t<details id=\"acc-15\" class=\"e-n-accordion-item\" open>\n\t\t\t\t<summary class=\"e-n-accordion-item-title\" data-accordion-index=\"1\" tabindex=\"0\" aria-expanded=\"true\" aria-controls=\"acc-15\" >\n\t\t\t\t\t<span class='e-n-accordion-item-title-header'><h2 class=\"e-n-accordion-item-title-text\"> Wann kann mein Kind mit den Klettercamps beginnen? Ab welchem Alter kann es an einem Camp oder einer Aktivit\u00e4t teilnehmen?  <\/h2><\/span>\n\t\t\t\t\t\t\t<span class='e-n-accordion-item-title-icon'>\n\t\t\t<span class='e-opened' ><i aria-hidden=\"true\" class=\"fas fa-minus\"><\/i><\/span>\n\t\t\t<span class='e-closed'><i aria-hidden=\"true\" class=\"fas fa-plus\"><\/i><\/span>\n\t\t<\/span>\n\n\t\t\t\t\t\t<\/summary>\n\t\t\t\t<div role=\"region\" aria-labelledby=\"acc-15\" class=\"elementor-element elementor-element-5874c61 e-con-full e-flex e-con e-child\" data-id=\"5874c61\" data-element_type=\"container\" data-e-type=\"container\">\n\t\t\t\t<div class=\"elementor-element elementor-element-fc220f4 elementor-icon-list--layout-traditional elementor-list-item-link-full_width elementor-widget elementor-widget-icon-list\" data-id=\"fc220f4\" data-element_type=\"widget\" data-e-type=\"widget\" data-widget_type=\"icon-list.default\">\n\t\t\t\t<div class=\"elementor-widget-container\">\n\t\t\t\t\t\t\t<ul class=\"elementor-icon-list-items\">\n\t\t\t\t\t\t\t<li class=\"elementor-icon-list-item\">\n\t\t\t\t\t\t\t\t\t\t\t<span class=\"elementor-icon-list-icon\">\n\t\t\t\t\t\t\t<i aria-hidden=\"true\" class=\"fas fa-circle\"><\/i>\t\t\t\t\t\t<\/span>\n\t\t\t\t\t\t\t\t\t\t<span class=\"elementor-icon-list-text\">Das Mindestalter f\u00fcr \u00dcbernachtungscamps betr\u00e4gt 7 Jahre. Nach Absprache und Gespr\u00e4ch mit den Eltern kann das Mindestalter in bestimmten Sonderf\u00e4llen auf 6 Jahre gesenkt werden. <\/span>\n\t\t\t\t\t\t\t\t\t<\/li>\n\t\t\t\t\t\t\t\t<li class=\"elementor-icon-list-item\">\n\t\t\t\t\t\t\t\t\t\t\t<span class=\"elementor-icon-list-icon\">\n\t\t\t\t\t\t\t<i aria-hidden=\"true\" class=\"fas fa-circle\"><\/i>\t\t\t\t\t\t<\/span>\n\t\t\t\t\t\t\t\t\t\t<span class=\"elementor-icon-list-text\">Das Mindestalter f\u00fcr Nicht-\u00dcbernachtungscamps betr\u00e4gt 6 Jahre. Nach Absprache und einem Gespr\u00e4ch mit den Eltern kann das Mindestalter in bestimmten Sonderf\u00e4llen auf 5 Jahre gesenkt werden. <\/span>\n\t\t\t\t\t\t\t\t\t<\/li>\n\t\t\t\t\t\t\t\t<li class=\"elementor-icon-list-item\">\n\t\t\t\t\t\t\t\t\t\t\t<span class=\"elementor-icon-list-icon\">\n\t\t\t\t\t\t\t<i aria-hidden=\"true\" class=\"fas fa-circle\"><\/i>\t\t\t\t\t\t<\/span>\n\t\t\t\t\t\t\t\t\t\t<span class=\"elementor-icon-list-text\">F\u00fcr Aktivit\u00e4ten betr\u00e4gt das Mindestalter 4 Jahre.<\/span>\n\t\t\t\t\t\t\t\t\t<\/li>\n\t\t\t\t\t\t<\/ul>\n\t\t\t\t\t\t<\/div>\n\t\t\t\t<\/div>\n\t\t\t\t<\/div>\n\t\t\t\t\t<\/details>\n\t\t\t\t\t\t<details id=\"acc-15\" class=\"e-n-accordion-item\" >\n\t\t\t\t<summary class=\"e-n-accordion-item-title\" data-accordion-index=\"2\" tabindex=\"-1\" aria-expanded=\"false\" aria-controls=\"acc-15\" >\n\t\t\t\t\t<span class='e-n-accordion-item-title-header'><h2 class=\"e-n-accordion-item-title-text\"> Wo kann ich Kletterausr\u00fcstung mieten? Ist das im Preis des Camps oder der Aktivit\u00e4t inbegriffen?  <\/h2><\/span>\n\t\t\t\t\t\t\t<span class='e-n-accordion-item-title-icon'>\n\t\t\t<span class='e-opened' ><i aria-hidden=\"true\" class=\"fas fa-minus\"><\/i><\/span>\n\t\t\t<span class='e-closed'><i aria-hidden=\"true\" class=\"fas fa-plus\"><\/i><\/span>\n\t\t<\/span>\n\n\t\t\t\t\t\t<\/summary>\n\t\t\t\t<div role=\"region\" aria-labelledby=\"acc-15\" class=\"elementor-element elementor-element-db3a42a e-con-full e-flex e-con e-child\" data-id=\"db3a42a\" data-element_type=\"container\" data-e-type=\"container\">\n\t\t\t\t<div class=\"elementor-element elementor-element-d51c2f4 elementor-icon-list--layout-traditional elementor-list-item-link-full_width elementor-widget elementor-widget-icon-list\" data-id=\"d51c2f4\" data-element_type=\"widget\" data-e-type=\"widget\" data-widget_type=\"icon-list.default\">\n\t\t\t\t<div class=\"elementor-widget-container\">\n\t\t\t\t\t\t\t<ul class=\"elementor-icon-list-items\">\n\t\t\t\t\t\t\t<li class=\"elementor-icon-list-item\">\n\t\t\t\t\t\t\t\t\t\t\t<span class=\"elementor-icon-list-icon\">\n\t\t\t\t\t\t\t<i aria-hidden=\"true\" class=\"fas fa-circle\"><\/i>\t\t\t\t\t\t<\/span>\n\t\t\t\t\t\t\t\t\t\t<span class=\"elementor-icon-list-text\">Das technische Material (Kletterschuhe, Klettergurt, Helm) wird von der Schule gestellt. F\u00fcr Kleidung, Schuhe oder Sonstiges k\u00f6nnt ihr euer Kind in Bergsportgesch\u00e4ften ausstatten (siehe unsere Partner unter \u201ePraktisches\u201c). <\/span>\n\t\t\t\t\t\t\t\t\t<\/li>\n\t\t\t\t\t\t\t\t<li class=\"elementor-icon-list-item\">\n\t\t\t\t\t\t\t\t\t\t\t<span class=\"elementor-icon-list-icon\">\n\t\t\t\t\t\t\t<i aria-hidden=\"true\" class=\"fas fa-circle\"><\/i>\t\t\t\t\t\t<\/span>\n\t\t\t\t\t\t\t\t\t\t<span class=\"elementor-icon-list-text\">Im Allgemeinen ist die Miete des technischen Materials bei Aktivit\u00e4ten im Preis inbegriffen, es sei denn, der Mietpreis ist ausdr\u00fccklich erw\u00e4hnt.<\/span>\n\t\t\t\t\t\t\t\t\t<\/li>\n\t\t\t\t\t\t<\/ul>\n\t\t\t\t\t\t<\/div>\n\t\t\t\t<\/div>\n\t\t\t\t<\/div>\n\t\t\t\t\t<\/details>\n\t\t\t\t\t\t<details id=\"acc-15\" class=\"e-n-accordion-item\" >\n\t\t\t\t<summary class=\"e-n-accordion-item-title\" data-accordion-index=\"3\" tabindex=\"-1\" aria-expanded=\"false\" aria-controls=\"acc-15\" >\n\t\t\t\t\t<span class='e-n-accordion-item-title-header'><h2 class=\"e-n-accordion-item-title-text\"> Wo finde ich den Treffpunkt f\u00fcr das Camp oder die Aktivit\u00e4t meines Kindes? Was soll ich tun, wenn ich zu sp\u00e4t komme?  <\/h2><\/span>\n\t\t\t\t\t\t\t<span class='e-n-accordion-item-title-icon'>\n\t\t\t<span class='e-opened' ><i aria-hidden=\"true\" class=\"fas fa-minus\"><\/i><\/span>\n\t\t\t<span class='e-closed'><i aria-hidden=\"true\" class=\"fas fa-plus\"><\/i><\/span>\n\t\t<\/span>\n\n\t\t\t\t\t\t<\/summary>\n\t\t\t\t<div role=\"region\" aria-labelledby=\"acc-15\" class=\"elementor-element elementor-element-e0f6979 e-con-full e-flex e-con e-child\" data-id=\"e0f6979\" data-element_type=\"container\" data-e-type=\"container\">\n\t\t\t\t<div class=\"elementor-element elementor-element-d89ef97 elementor-icon-list--layout-traditional elementor-list-item-link-full_width elementor-widget elementor-widget-icon-list\" data-id=\"d89ef97\" data-element_type=\"widget\" data-e-type=\"widget\" data-widget_type=\"icon-list.default\">\n\t\t\t\t<div class=\"elementor-widget-container\">\n\t\t\t\t\t\t\t<ul class=\"elementor-icon-list-items\">\n\t\t\t\t\t\t\t<li class=\"elementor-icon-list-item\">\n\t\t\t\t\t\t\t\t\t\t\t<span class=\"elementor-icon-list-icon\">\n\t\t\t\t\t\t\t<i aria-hidden=\"true\" class=\"fas fa-circle\"><\/i>\t\t\t\t\t\t<\/span>\n\t\t\t\t\t\t\t\t\t\t<span class=\"elementor-icon-list-text\">Der Treffpunkt f\u00fcr die Camps (Chalet) ist unter \u201eAnfahrtsplan\u201c des Camps (Google Maps, Foto und Beschreibung) genau angegeben. Achtung, unsere Camps finden in 2 verschiedenen Chalets statt (s\u00fcdlich und n\u00f6rdlich von La D\u00f4le). Eine WhatsApp-Nachricht mit den letzten logistischen Details wird euch einige Tage vor dem Camp zugesandt, in der genau angegeben wird, zu welchem Chalet ihr fahren m\u00fcsst.  <\/span>\n\t\t\t\t\t\t\t\t\t<\/li>\n\t\t\t\t\t\t\t\t<li class=\"elementor-icon-list-item\">\n\t\t\t\t\t\t\t\t\t\t\t<span class=\"elementor-icon-list-icon\">\n\t\t\t\t\t\t\t<i aria-hidden=\"true\" class=\"fas fa-circle\"><\/i>\t\t\t\t\t\t<\/span>\n\t\t\t\t\t\t\t\t\t\t<span class=\"elementor-icon-list-text\">Der Treffpunkt f\u00fcr die Aktivit\u00e4ten kann variieren. Er wird euch zusammen mit der Ausr\u00fcstung, Picknick, Getr\u00e4nken usw. einige Tage vor der Aktivit\u00e4t per Nachricht mitgeteilt. <\/span>\n\t\t\t\t\t\t\t\t\t<\/li>\n\t\t\t\t\t\t\t\t<li class=\"elementor-icon-list-item\">\n\t\t\t\t\t\t\t\t\t\t\t<span class=\"elementor-icon-list-icon\">\n\t\t\t\t\t\t\t<i aria-hidden=\"true\" class=\"fas fa-circle\"><\/i>\t\t\t\t\t\t<\/span>\n\t\t\t\t\t\t\t\t\t\t<span class=\"elementor-icon-list-text\">Bei Versp\u00e4tung bitten wir euch, uns umgehend per Nachricht zu informieren oder anzurufen.<\/span>\n\t\t\t\t\t\t\t\t\t<\/li>\n\t\t\t\t\t\t<\/ul>\n\t\t\t\t\t\t<\/div>\n\t\t\t\t<\/div>\n\t\t\t\t<\/div>\n\t\t\t\t\t<\/details>\n\t\t\t\t\t\t<details id=\"acc-15\" class=\"e-n-accordion-item\" >\n\t\t\t\t<summary class=\"e-n-accordion-item-title\" data-accordion-index=\"4\" tabindex=\"-1\" aria-expanded=\"false\" aria-controls=\"acc-15\" >\n\t\t\t\t\t<span class='e-n-accordion-item-title-header'><h2 class=\"e-n-accordion-item-title-text\"> Habt ihr eine Materialliste f\u00fcr mein Kind, das an einem Camp teilnimmt? <\/h2><\/span>\n\t\t\t\t\t\t\t<span class='e-n-accordion-item-title-icon'>\n\t\t\t<span class='e-opened' ><i aria-hidden=\"true\" class=\"fas fa-minus\"><\/i><\/span>\n\t\t\t<span class='e-closed'><i aria-hidden=\"true\" class=\"fas fa-plus\"><\/i><\/span>\n\t\t<\/span>\n\n\t\t\t\t\t\t<\/summary>\n\t\t\t\t<div role=\"region\" aria-labelledby=\"acc-15\" class=\"elementor-element elementor-element-67609a7 e-con-full e-flex e-con e-child\" data-id=\"67609a7\" data-element_type=\"container\" data-e-type=\"container\">\n\t\t\t\t<div class=\"elementor-element elementor-element-878bab9 elementor-icon-list--layout-traditional elementor-list-item-link-full_width elementor-widget elementor-widget-icon-list\" data-id=\"878bab9\" data-element_type=\"widget\" data-e-type=\"widget\" data-widget_type=\"icon-list.default\">\n\t\t\t\t<div class=\"elementor-widget-container\">\n\t\t\t\t\t\t\t<ul class=\"elementor-icon-list-items\">\n\t\t\t\t\t\t\t<li class=\"elementor-icon-list-item\">\n\t\t\t\t\t\t\t\t\t\t\t<span class=\"elementor-icon-list-icon\">\n\t\t\t\t\t\t\t<i aria-hidden=\"true\" class=\"fas fa-circle\"><\/i>\t\t\t\t\t\t<\/span>\n\t\t\t\t\t\t\t\t\t\t<span class=\"elementor-icon-list-text\">Ja, eine vollst\u00e4ndige Liste des Materials, das euer Kind zum Camp mitbringen muss, findet ihr unter der Rubrik \u201eAusr\u00fcstung und Material\u201c in den Campdetails oder auf Seite 8 des PDF-Anmeldeformulars.<\/span>\n\t\t\t\t\t\t\t\t\t<\/li>\n\t\t\t\t\t\t<\/ul>\n\t\t\t\t\t\t<\/div>\n\t\t\t\t<\/div>\n\t\t\t\t<\/div>\n\t\t\t\t\t<\/details>\n\t\t\t\t\t\t<details id=\"acc-15\" class=\"e-n-accordion-item\" >\n\t\t\t\t<summary class=\"e-n-accordion-item-title\" data-accordion-index=\"5\" tabindex=\"-1\" aria-expanded=\"false\" aria-controls=\"acc-15\" >\n\t\t\t\t\t<span class='e-n-accordion-item-title-header'><h2 class=\"e-n-accordion-item-title-text\"> Wie komme ich mit dem Auto zur D\u00f4le? Kann ich mit dem Zug zum Camp kommen?  <\/h2><\/span>\n\t\t\t\t\t\t\t<span class='e-n-accordion-item-title-icon'>\n\t\t\t<span class='e-opened' ><i aria-hidden=\"true\" class=\"fas fa-minus\"><\/i><\/span>\n\t\t\t<span class='e-closed'><i aria-hidden=\"true\" class=\"fas fa-plus\"><\/i><\/span>\n\t\t<\/span>\n\n\t\t\t\t\t\t<\/summary>\n\t\t\t\t<div role=\"region\" aria-labelledby=\"acc-15\" class=\"elementor-element elementor-element-3063e68 e-con-full e-flex e-con e-child\" data-id=\"3063e68\" data-element_type=\"container\" data-e-type=\"container\">\n\t\t\t\t<div class=\"elementor-element elementor-element-c93d8d7 elementor-icon-list--layout-traditional elementor-list-item-link-full_width elementor-widget elementor-widget-icon-list\" data-id=\"c93d8d7\" data-element_type=\"widget\" data-e-type=\"widget\" data-widget_type=\"icon-list.default\">\n\t\t\t\t<div class=\"elementor-widget-container\">\n\t\t\t\t\t\t\t<ul class=\"elementor-icon-list-items\">\n\t\t\t\t\t\t\t<li class=\"elementor-icon-list-item\">\n\t\t\t\t\t\t\t\t\t\t\t<span class=\"elementor-icon-list-icon\">\n\t\t\t\t\t\t\t<i aria-hidden=\"true\" class=\"fas fa-circle\"><\/i>\t\t\t\t\t\t<\/span>\n\t\t\t\t\t\t\t\t\t\t<span class=\"elementor-icon-list-text\">Die Zufahrtswege zur Station findet ihr unter der Rubrik \u201ePraktisches\u201c.<\/span>\n\t\t\t\t\t\t\t\t\t<\/li>\n\t\t\t\t\t\t\t\t<li class=\"elementor-icon-list-item\">\n\t\t\t\t\t\t\t\t\t\t\t<span class=\"elementor-icon-list-icon\">\n\t\t\t\t\t\t\t<i aria-hidden=\"true\" class=\"fas fa-circle\"><\/i>\t\t\t\t\t\t<\/span>\n\t\t\t\t\t\t\t\t\t\t<span class=\"elementor-icon-list-text\">Die Anfahrtspl\u00e4ne mit dem Auto zu den Chalets f\u00fcr die Camps findet ihr unter der Rubrik \u201eAnfahrtsplan\u201c jedes Camps.<\/span>\n\t\t\t\t\t\t\t\t\t<\/li>\n\t\t\t\t\t\t\t\t<li class=\"elementor-icon-list-item\">\n\t\t\t\t\t\t\t\t\t\t\t<span class=\"elementor-icon-list-icon\">\n\t\t\t\t\t\t\t<i aria-hidden=\"true\" class=\"fas fa-circle\"><\/i>\t\t\t\t\t\t<\/span>\n\t\t\t\t\t\t\t\t\t\t<span class=\"elementor-icon-list-text\">Der Bahnhof La Cure ist einige Kilometer vom Fu\u00dfe der D\u00f4le entfernt. Im Sommer gibt es keinen Shuttle oder Bus vom Bahnhof. Die einzige M\u00f6glichkeit ist zu Fu\u00df, mit dem Fahrrad oder mit dem Taxi. Im Winter verkehren regelm\u00e4\u00dfige Shuttles zwischen dem Bahnhof La Cure und La D\u00f4le.   <\/span>\n\t\t\t\t\t\t\t\t\t<\/li>\n\t\t\t\t\t\t<\/ul>\n\t\t\t\t\t\t<\/div>\n\t\t\t\t<\/div>\n\t\t\t\t<\/div>\n\t\t\t\t\t<\/details>\n\t\t\t\t\t\t<details id=\"acc-15\" class=\"e-n-accordion-item\" >\n\t\t\t\t<summary class=\"e-n-accordion-item-title\" data-accordion-index=\"6\" tabindex=\"-1\" aria-expanded=\"false\" aria-controls=\"acc-15\" >\n\t\t\t\t\t<span class='e-n-accordion-item-title-header'><h2 class=\"e-n-accordion-item-title-text\"> Wie kann ich mein Camp buchen? <\/h2><\/span>\n\t\t\t\t\t\t\t<span class='e-n-accordion-item-title-icon'>\n\t\t\t<span class='e-opened' ><i aria-hidden=\"true\" class=\"fas fa-minus\"><\/i><\/span>\n\t\t\t<span class='e-closed'><i aria-hidden=\"true\" class=\"fas fa-plus\"><\/i><\/span>\n\t\t<\/span>\n\n\t\t\t\t\t\t<\/summary>\n\t\t\t\t<div role=\"region\" aria-labelledby=\"acc-15\" class=\"elementor-element elementor-element-902d77b e-con-full e-flex e-con e-child\" data-id=\"902d77b\" data-element_type=\"container\" data-e-type=\"container\">\n\t\t\t\t<div class=\"elementor-element elementor-element-e458a64 elementor-icon-list--layout-traditional elementor-list-item-link-full_width elementor-widget elementor-widget-icon-list\" data-id=\"e458a64\" data-element_type=\"widget\" data-e-type=\"widget\" data-widget_type=\"icon-list.default\">\n\t\t\t\t<div class=\"elementor-widget-container\">\n\t\t\t\t\t\t\t<ul class=\"elementor-icon-list-items\">\n\t\t\t\t\t\t\t<li class=\"elementor-icon-list-item\">\n\t\t\t\t\t\t\t\t\t\t\t<span class=\"elementor-icon-list-icon\">\n\t\t\t\t\t\t\t<i aria-hidden=\"true\" class=\"fas fa-circle\"><\/i>\t\t\t\t\t\t<\/span>\n\t\t\t\t\t\t\t\t\t\t<span class=\"elementor-icon-list-text\">Die Anmeldung f\u00fcr die Camps beginnt bereits im November f\u00fcr den folgenden Sommer und im September f\u00fcr den folgenden Winter. Die Anmeldebedingungen f\u00fcr die Camps findet ihr auf dem Anmeldeformular. <\/span>\n\t\t\t\t\t\t\t\t\t<\/li>\n\t\t\t\t\t\t\t\t<li class=\"elementor-icon-list-item\">\n\t\t\t\t\t\t\t\t\t\t\t<span class=\"elementor-icon-list-icon\">\n\t\t\t\t\t\t\t<i aria-hidden=\"true\" class=\"fas fa-circle\"><\/i>\t\t\t\t\t\t<\/span>\n\t\t\t\t\t\t\t\t\t\t<span class=\"elementor-icon-list-text\">Wenn ihr eure Familienferien im Voraus plant und einen freien Platz f\u00fcr euer Kind zu einem bestimmten Camp-Termin garantieren m\u00f6chtet, meldet euer Kind so fr\u00fch wie m\u00f6glich an, insbesondere f\u00fcr die ersten 2 Wochen der Waadtl\u00e4nder Sommerferien (die am gefragtesten sind).<\/span>\n\t\t\t\t\t\t\t\t\t<\/li>\n\t\t\t\t\t\t\t\t<li class=\"elementor-icon-list-item\">\n\t\t\t\t\t\t\t\t\t\t\t<span class=\"elementor-icon-list-icon\">\n\t\t\t\t\t\t\t<i aria-hidden=\"true\" class=\"fas fa-circle\"><\/i>\t\t\t\t\t\t<\/span>\n\t\t\t\t\t\t\t\t\t\t<span class=\"elementor-icon-list-text\">Wenn eine Campwoche ausgebucht ist, schlie\u00dfen wir die Anmeldungen und es ist nicht mehr m\u00f6glich, euer Kind f\u00fcr diese Termine anzumelden.<\/span>\n\t\t\t\t\t\t\t\t\t<\/li>\n\t\t\t\t\t\t<\/ul>\n\t\t\t\t\t\t<\/div>\n\t\t\t\t<\/div>\n\t\t\t\t<\/div>\n\t\t\t\t\t<\/details>\n\t\t\t\t\t\t<details id=\"acc-15\" class=\"e-n-accordion-item\" >\n\t\t\t\t<summary class=\"e-n-accordion-item-title\" data-accordion-index=\"7\" tabindex=\"-1\" aria-expanded=\"false\" aria-controls=\"acc-15\" >\n\t\t\t\t\t<span class='e-n-accordion-item-title-header'><h2 class=\"e-n-accordion-item-title-text\"> Wann muss ich f\u00fcr meine Aktivit\u00e4t bezahlen? <\/h2><\/span>\n\t\t\t\t\t\t\t<span class='e-n-accordion-item-title-icon'>\n\t\t\t<span class='e-opened' ><i aria-hidden=\"true\" class=\"fas fa-minus\"><\/i><\/span>\n\t\t\t<span class='e-closed'><i aria-hidden=\"true\" class=\"fas fa-plus\"><\/i><\/span>\n\t\t<\/span>\n\n\t\t\t\t\t\t<\/summary>\n\t\t\t\t<div role=\"region\" aria-labelledby=\"acc-15\" class=\"elementor-element elementor-element-8e72505 e-con-full e-flex e-con e-child\" data-id=\"8e72505\" data-element_type=\"container\" data-e-type=\"container\">\n\t\t\t\t<div class=\"elementor-element elementor-element-4c915b5 elementor-icon-list--layout-traditional elementor-list-item-link-full_width elementor-widget elementor-widget-icon-list\" data-id=\"4c915b5\" data-element_type=\"widget\" data-e-type=\"widget\" data-widget_type=\"icon-list.default\">\n\t\t\t\t<div class=\"elementor-widget-container\">\n\t\t\t\t\t\t\t<ul class=\"elementor-icon-list-items\">\n\t\t\t\t\t\t\t<li class=\"elementor-icon-list-item\">\n\t\t\t\t\t\t\t\t\t\t\t<span class=\"elementor-icon-list-icon\">\n\t\t\t\t\t\t\t<i aria-hidden=\"true\" class=\"fas fa-circle\"><\/i>\t\t\t\t\t\t<\/span>\n\t\t\t\t\t\t\t\t\t\t<span class=\"elementor-icon-list-text\">Bucht eure Aktivit\u00e4t telefonisch oder per WhatsApp: Sendet uns eine WhatsApp-Nachricht oder ruft an, um einen Tag und ein Zeitfenster zu vereinbaren. Ihr erhaltet dann einen MyPos-Link f\u00fcr eure Buchung. Sobald die Kursgeb\u00fchr per Kreditkarte \u00fcber den MYPOS-Link oder per TWINT bezahlt wurde, erhaltet ihr eine Best\u00e4tigung, den Namen eures Guides und einen Google Maps-Link zum Treffpunkt. Im Allgemeinen erfolgt die Zahlung mindestens eine Woche im Voraus, um euch das gew\u00fcnschte Zeitfenster zu garantieren. W\u00e4hrend der Schulferien muss die Buchung weit im Voraus erfolgen, um einen verf\u00fcgbaren Betreuer zu haben.    <\/span>\n\t\t\t\t\t\t\t\t\t<\/li>\n\t\t\t\t\t\t<\/ul>\n\t\t\t\t\t\t<\/div>\n\t\t\t\t<\/div>\n\t\t\t\t<\/div>\n\t\t\t\t\t<\/details>\n\t\t\t\t\t\t<details id=\"acc-15\" class=\"e-n-accordion-item\" >\n\t\t\t\t<summary class=\"e-n-accordion-item-title\" data-accordion-index=\"8\" tabindex=\"-1\" aria-expanded=\"false\" aria-controls=\"acc-15\" >\n\t\t\t\t\t<span class='e-n-accordion-item-title-header'><h2 class=\"e-n-accordion-item-title-text\"> Muss ich eine Versicherung abschlie\u00dfen? Ist sie im Preis der Camps oder Aktivit\u00e4ten enthalten?  <\/h2><\/span>\n\t\t\t\t\t\t\t<span class='e-n-accordion-item-title-icon'>\n\t\t\t<span class='e-opened' ><i aria-hidden=\"true\" class=\"fas fa-minus\"><\/i><\/span>\n\t\t\t<span class='e-closed'><i aria-hidden=\"true\" class=\"fas fa-plus\"><\/i><\/span>\n\t\t<\/span>\n\n\t\t\t\t\t\t<\/summary>\n\t\t\t\t<div role=\"region\" aria-labelledby=\"acc-15\" class=\"elementor-element elementor-element-2e21b95 e-con-full e-flex e-con e-child\" data-id=\"2e21b95\" data-element_type=\"container\" data-e-type=\"container\">\n\t\t\t\t<div class=\"elementor-element elementor-element-816846f elementor-icon-list--layout-traditional elementor-list-item-link-full_width elementor-widget elementor-widget-icon-list\" data-id=\"816846f\" data-element_type=\"widget\" data-e-type=\"widget\" data-widget_type=\"icon-list.default\">\n\t\t\t\t<div class=\"elementor-widget-container\">\n\t\t\t\t\t\t\t<ul class=\"elementor-icon-list-items\">\n\t\t\t\t\t\t\t<li class=\"elementor-icon-list-item\">\n\t\t\t\t\t\t\t\t\t\t\t<span class=\"elementor-icon-list-icon\">\n\t\t\t\t\t\t\t<i aria-hidden=\"true\" class=\"fas fa-circle\"><\/i>\t\t\t\t\t\t<\/span>\n\t\t\t\t\t\t\t\t\t\t<span class=\"elementor-icon-list-text\">Die Schule lehnt jede Haftung im Falle eines Unfalls ab. Jeder Teilnehmer muss \u00fcber eine eigene Unfallversicherung verf\u00fcgen. <\/span>\n\t\t\t\t\t\t\t\t\t<\/li>\n\t\t\t\t\t\t\t\t<li class=\"elementor-icon-list-item\">\n\t\t\t\t\t\t\t\t\t\t\t<span class=\"elementor-icon-list-icon\">\n\t\t\t\t\t\t\t<i aria-hidden=\"true\" class=\"fas fa-circle\"><\/i>\t\t\t\t\t\t<\/span>\n\t\t\t\t\t\t\t\t\t\t<span class=\"elementor-icon-list-text\">Personen, die an Camps oder Aktivit\u00e4ten teilnehmen, sind nicht durch die Schulversicherung abgedeckt. Jeder Teilnehmer muss sich selbst gegen die Risiken dieser Art von sportlicher Aktivit\u00e4t versichern. Die REGA-Versicherung deckt Such-, Rettungs- und R\u00fcckf\u00fchrungskosten ab. Sie ist obligatorisch f\u00fcr die Teilnahme an unseren Camps und Aktivit\u00e4ten.   <\/span>\n\t\t\t\t\t\t\t\t\t<\/li>\n\t\t\t\t\t\t<\/ul>\n\t\t\t\t\t\t<\/div>\n\t\t\t\t<\/div>\n\t\t\t\t<\/div>\n\t\t\t\t\t<\/details>\n\t\t\t\t\t\t<details id=\"acc-15\" class=\"e-n-accordion-item\" >\n\t\t\t\t<summary class=\"e-n-accordion-item-title\" data-accordion-index=\"9\" tabindex=\"-1\" aria-expanded=\"false\" aria-controls=\"acc-15\" >\n\t\t\t\t\t<span class='e-n-accordion-item-title-header'><h2 class=\"e-n-accordion-item-title-text\"> Findet das Camp statt, wenn es regnet? <\/h2><\/span>\n\t\t\t\t\t\t\t<span class='e-n-accordion-item-title-icon'>\n\t\t\t<span class='e-opened' ><i aria-hidden=\"true\" class=\"fas fa-minus\"><\/i><\/span>\n\t\t\t<span class='e-closed'><i aria-hidden=\"true\" class=\"fas fa-plus\"><\/i><\/span>\n\t\t<\/span>\n\n\t\t\t\t\t\t<\/summary>\n\t\t\t\t<div role=\"region\" aria-labelledby=\"acc-15\" class=\"elementor-element elementor-element-f3e3f52 e-con-full e-flex e-con e-child\" data-id=\"f3e3f52\" data-element_type=\"container\" data-e-type=\"container\">\n\t\t\t\t<div class=\"elementor-element elementor-element-76e96ac elementor-icon-list--layout-traditional elementor-list-item-link-full_width elementor-widget elementor-widget-icon-list\" data-id=\"76e96ac\" data-element_type=\"widget\" data-e-type=\"widget\" data-widget_type=\"icon-list.default\">\n\t\t\t\t<div class=\"elementor-widget-container\">\n\t\t\t\t\t\t\t<ul class=\"elementor-icon-list-items\">\n\t\t\t\t\t\t\t<li class=\"elementor-icon-list-item\">\n\t\t\t\t\t\t\t\t\t\t\t<span class=\"elementor-icon-list-icon\">\n\t\t\t\t\t\t\t<i aria-hidden=\"true\" class=\"fas fa-circle\"><\/i>\t\t\t\t\t\t<\/span>\n\t\t\t\t\t\t\t\t\t\t<span class=\"elementor-icon-list-text\">Ja. Das Camp findet bei allen Wetterbedingungen statt (Sonne, Wind, K\u00e4lte oder Regen). Das Wetter ist in keinem Fall ein Grund f\u00fcr eine Absage.  <\/span>\n\t\t\t\t\t\t\t\t\t<\/li>\n\t\t\t\t\t\t\t\t<li class=\"elementor-icon-list-item\">\n\t\t\t\t\t\t\t\t\t\t\t<span class=\"elementor-icon-list-icon\">\n\t\t\t\t\t\t\t<i aria-hidden=\"true\" class=\"fas fa-circle\"><\/i>\t\t\t\t\t\t<\/span>\n\t\t\t\t\t\t\t\t\t\t<span class=\"elementor-icon-list-text\">Das Programm wird je nach den aktuellen Bedingungen festgelegt. Wir haben in der Region Felsen, die auch bei Regen gesch\u00fctzt sind. Bei schlechtem Wetter ist auch Klettern in der Halle eine Option. Bei gro\u00dfer Hitze werden Klettergebiete im Schatten oder im k\u00fchlen Wald bevorzugt.   <\/span>\n\t\t\t\t\t\t\t\t\t<\/li>\n\t\t\t\t\t\t<\/ul>\n\t\t\t\t\t\t<\/div>\n\t\t\t\t<\/div>\n\t\t\t\t<\/div>\n\t\t\t\t\t<\/details>\n\t\t\t\t\t\t<details id=\"acc-15\" class=\"e-n-accordion-item\" >\n\t\t\t\t<summary class=\"e-n-accordion-item-title\" data-accordion-index=\"10\" tabindex=\"-1\" aria-expanded=\"false\" aria-controls=\"acc-15\" >\n\t\t\t\t\t<span class='e-n-accordion-item-title-header'><h2 class=\"e-n-accordion-item-title-text\"> In welchem Klettercamp und auf welchem Niveau soll ich mein Kind anmelden? <\/h2><\/span>\n\t\t\t\t\t\t\t<span class='e-n-accordion-item-title-icon'>\n\t\t\t<span class='e-opened' ><i aria-hidden=\"true\" class=\"fas fa-minus\"><\/i><\/span>\n\t\t\t<span class='e-closed'><i aria-hidden=\"true\" class=\"fas fa-plus\"><\/i><\/span>\n\t\t<\/span>\n\n\t\t\t\t\t\t<\/summary>\n\t\t\t\t<div role=\"region\" aria-labelledby=\"acc-15\" class=\"elementor-element elementor-element-4ed5658 e-con-full e-flex e-con e-child\" data-id=\"4ed5658\" data-element_type=\"container\" data-e-type=\"container\">\n\t\t\t\t<div class=\"elementor-element elementor-element-1880226 elementor-icon-list--layout-traditional elementor-list-item-link-full_width elementor-widget elementor-widget-icon-list\" data-id=\"1880226\" data-element_type=\"widget\" data-e-type=\"widget\" data-widget_type=\"icon-list.default\">\n\t\t\t\t<div class=\"elementor-widget-container\">\n\t\t\t\t\t\t\t<ul class=\"elementor-icon-list-items\">\n\t\t\t\t\t\t\t<li class=\"elementor-icon-list-item\">\n\t\t\t\t\t\t\t\t\t\t\t<span class=\"elementor-icon-list-icon\">\n\t\t\t\t\t\t\t<i aria-hidden=\"true\" class=\"fas fa-circle\"><\/i>\t\t\t\t\t\t<\/span>\n\t\t\t\t\t\t\t\t\t\t<span class=\"elementor-icon-list-text\">Die Niveaus reichen von Dole 1 bis Dole 6. Wenn ihr unsicher seid, welches Niveau das richtige ist, z\u00f6gert nicht, uns zu kontaktieren. In jedem Fall \u00fcberpr\u00fcfen wir das tats\u00e4chliche Kletterniveau am ersten Camptag vor Ort und passen uns entsprechend an. <\/span>\n\t\t\t\t\t\t\t\t\t<\/li>\n\t\t\t\t\t\t<\/ul>\n\t\t\t\t\t\t<\/div>\n\t\t\t\t<\/div>\n\t\t\t\t<\/div>\n\t\t\t\t\t<\/details>\n\t\t\t\t\t\t<details id=\"acc-15\" class=\"e-n-accordion-item\" >\n\t\t\t\t<summary class=\"e-n-accordion-item-title\" data-accordion-index=\"11\" tabindex=\"-1\" aria-expanded=\"false\" aria-controls=\"acc-15\" >\n\t\t\t\t\t<span class='e-n-accordion-item-title-header'><h2 class=\"e-n-accordion-item-title-text\"> Was lernt man im Klettercamp? Machen die Kinder einen Test?  <\/h2><\/span>\n\t\t\t\t\t\t\t<span class='e-n-accordion-item-title-icon'>\n\t\t\t<span class='e-opened' ><i aria-hidden=\"true\" class=\"fas fa-minus\"><\/i><\/span>\n\t\t\t<span class='e-closed'><i aria-hidden=\"true\" class=\"fas fa-plus\"><\/i><\/span>\n\t\t<\/span>\n\n\t\t\t\t\t\t<\/summary>\n\t\t\t\t<div role=\"region\" aria-labelledby=\"acc-15\" class=\"elementor-element elementor-element-1b48b96 e-con-full e-flex e-con e-child\" data-id=\"1b48b96\" data-element_type=\"container\" data-e-type=\"container\">\n\t\t\t\t<div class=\"elementor-element elementor-element-5a67325 elementor-icon-list--layout-traditional elementor-list-item-link-full_width elementor-widget elementor-widget-icon-list\" data-id=\"5a67325\" data-element_type=\"widget\" data-e-type=\"widget\" data-widget_type=\"icon-list.default\">\n\t\t\t\t<div class=\"elementor-widget-container\">\n\t\t\t\t\t\t\t<ul class=\"elementor-icon-list-items\">\n\t\t\t\t\t\t\t<li class=\"elementor-icon-list-item\">\n\t\t\t\t\t\t\t\t\t\t\t<span class=\"elementor-icon-list-icon\">\n\t\t\t\t\t\t\t<i aria-hidden=\"true\" class=\"fas fa-circle\"><\/i>\t\t\t\t\t\t<\/span>\n\t\t\t\t\t\t\t\t\t\t<span class=\"elementor-icon-list-text\">Durch die Teilnahme an unseren Camps begleitet ein \u201eGecko Trophy\u201c-Heft euer Kind beim Erlernen und Verbessern seiner Kletterf\u00e4higkeiten und macht seine Fortschritte sichtbar. Wenn es regelm\u00e4\u00dfig an den Camps teilnimmt und die vorgeschlagenen \u00dcbungen und Herausforderungen aktiv meistert, kann sein Betreuer dies in diesem Heft best\u00e4tigen. Sobald alle erforderlichen Best\u00e4tigungen vorliegen, erh\u00e4lt euer Kind die entsprechende Medaille.  <\/span>\n\t\t\t\t\t\t\t\t\t<\/li>\n\t\t\t\t\t\t<\/ul>\n\t\t\t\t\t\t<\/div>\n\t\t\t\t<\/div>\n\t\t\t\t<\/div>\n\t\t\t\t\t<\/details>\n\t\t\t\t\t\t<details id=\"acc-15\" class=\"e-n-accordion-item\" >\n\t\t\t\t<summary class=\"e-n-accordion-item-title\" data-accordion-index=\"12\" tabindex=\"-1\" aria-expanded=\"false\" aria-controls=\"acc-15\" >\n\t\t\t\t\t<span class='e-n-accordion-item-title-header'><h2 class=\"e-n-accordion-item-title-text\"> Ist die Medaille im Preis der Campwoche inbegriffen? <\/h2><\/span>\n\t\t\t\t\t\t\t<span class='e-n-accordion-item-title-icon'>\n\t\t\t<span class='e-opened' ><i aria-hidden=\"true\" class=\"fas fa-minus\"><\/i><\/span>\n\t\t\t<span class='e-closed'><i aria-hidden=\"true\" class=\"fas fa-plus\"><\/i><\/span>\n\t\t<\/span>\n\n\t\t\t\t\t\t<\/summary>\n\t\t\t\t<div role=\"region\" aria-labelledby=\"acc-15\" class=\"elementor-element elementor-element-f22e87d e-con-full e-flex e-con e-child\" data-id=\"f22e87d\" data-element_type=\"container\" data-e-type=\"container\">\n\t\t\t\t<div class=\"elementor-element elementor-element-6998185 elementor-icon-list--layout-traditional elementor-list-item-link-full_width elementor-widget elementor-widget-icon-list\" data-id=\"6998185\" data-element_type=\"widget\" data-e-type=\"widget\" data-widget_type=\"icon-list.default\">\n\t\t\t\t<div class=\"elementor-widget-container\">\n\t\t\t\t\t\t\t<ul class=\"elementor-icon-list-items\">\n\t\t\t\t\t\t\t<li class=\"elementor-icon-list-item\">\n\t\t\t\t\t\t\t\t\t\t\t<span class=\"elementor-icon-list-icon\">\n\t\t\t\t\t\t\t<i aria-hidden=\"true\" class=\"fas fa-circle\"><\/i>\t\t\t\t\t\t<\/span>\n\t\t\t\t\t\t\t\t\t\t<span class=\"elementor-icon-list-text\">Ja, die Medaille, der Test und das Heft sind im Preis der Campwoche inbegriffen.<\/span>\n\t\t\t\t\t\t\t\t\t<\/li>\n\t\t\t\t\t\t<\/ul>\n\t\t\t\t\t\t<\/div>\n\t\t\t\t<\/div>\n\t\t\t\t<\/div>\n\t\t\t\t\t<\/details>\n\t\t\t\t\t\t<details id=\"acc-15\" class=\"e-n-accordion-item\" >\n\t\t\t\t<summary class=\"e-n-accordion-item-title\" data-accordion-index=\"13\" tabindex=\"-1\" aria-expanded=\"false\" aria-controls=\"acc-15\" >\n\t\t\t\t\t<span class='e-n-accordion-item-title-header'><h2 class=\"e-n-accordion-item-title-text\"> Gibt es eine R\u00fcckerstattung, wenn das Kind sein Camp abbricht? <\/h2><\/span>\n\t\t\t\t\t\t\t<span class='e-n-accordion-item-title-icon'>\n\t\t\t<span class='e-opened' ><i aria-hidden=\"true\" class=\"fas fa-minus\"><\/i><\/span>\n\t\t\t<span class='e-closed'><i aria-hidden=\"true\" class=\"fas fa-plus\"><\/i><\/span>\n\t\t<\/span>\n\n\t\t\t\t\t\t<\/summary>\n\t\t\t\t<div role=\"region\" aria-labelledby=\"acc-15\" class=\"elementor-element elementor-element-d5695fa e-con-full e-flex e-con e-child\" data-id=\"d5695fa\" data-element_type=\"container\" data-e-type=\"container\">\n\t\t\t\t<div class=\"elementor-element elementor-element-4d5de14 elementor-icon-list--layout-traditional elementor-list-item-link-full_width elementor-widget elementor-widget-icon-list\" data-id=\"4d5de14\" data-element_type=\"widget\" data-e-type=\"widget\" data-widget_type=\"icon-list.default\">\n\t\t\t\t<div class=\"elementor-widget-container\">\n\t\t\t\t\t\t\t<ul class=\"elementor-icon-list-items\">\n\t\t\t\t\t\t\t<li class=\"elementor-icon-list-item\">\n\t\t\t\t\t\t\t\t\t\t\t<span class=\"elementor-icon-list-icon\">\n\t\t\t\t\t\t\t<i aria-hidden=\"true\" class=\"fas fa-circle\"><\/i>\t\t\t\t\t\t<\/span>\n\t\t\t\t\t\t\t\t\t\t<span class=\"elementor-icon-list-text\">Nein, wenn das Kind das Camp w\u00e4hrend der Woche aus irgendeinem Grund abbricht, wird das Camp nicht zur\u00fcckerstattet.<\/span>\n\t\t\t\t\t\t\t\t\t<\/li>\n\t\t\t\t\t\t<\/ul>\n\t\t\t\t\t\t<\/div>\n\t\t\t\t<\/div>\n\t\t\t\t<\/div>\n\t\t\t\t\t<\/details>\n\t\t\t\t\t\t<details id=\"acc-15\" class=\"e-n-accordion-item\" >\n\t\t\t\t<summary class=\"e-n-accordion-item-title\" data-accordion-index=\"14\" tabindex=\"-1\" aria-expanded=\"false\" aria-controls=\"acc-15\" >\n\t\t\t\t\t<span class='e-n-accordion-item-title-header'><h2 class=\"e-n-accordion-item-title-text\"> Was passiert, wenn mein Kind vor dem Camp krank wird oder sich verletzt? <\/h2><\/span>\n\t\t\t\t\t\t\t<span class='e-n-accordion-item-title-icon'>\n\t\t\t<span class='e-opened' ><i aria-hidden=\"true\" class=\"fas fa-minus\"><\/i><\/span>\n\t\t\t<span class='e-closed'><i aria-hidden=\"true\" class=\"fas fa-plus\"><\/i><\/span>\n\t\t<\/span>\n\n\t\t\t\t\t\t<\/summary>\n\t\t\t\t<div role=\"region\" aria-labelledby=\"acc-15\" class=\"elementor-element elementor-element-4268d8a e-con-full e-flex e-con e-child\" data-id=\"4268d8a\" data-element_type=\"container\" data-e-type=\"container\">\n\t\t\t\t<div class=\"elementor-element elementor-element-197ae05 elementor-icon-list--layout-traditional elementor-list-item-link-full_width elementor-widget elementor-widget-icon-list\" data-id=\"197ae05\" data-element_type=\"widget\" data-e-type=\"widget\" data-widget_type=\"icon-list.default\">\n\t\t\t\t<div class=\"elementor-widget-container\">\n\t\t\t\t\t\t\t<ul class=\"elementor-icon-list-items\">\n\t\t\t\t\t\t\t<li class=\"elementor-icon-list-item\">\n\t\t\t\t\t\t\t\t\t\t\t<span class=\"elementor-icon-list-icon\">\n\t\t\t\t\t\t\t<i aria-hidden=\"true\" class=\"fas fa-circle\"><\/i>\t\t\t\t\t\t<\/span>\n\t\t\t\t\t\t\t\t\t\t<span class=\"elementor-icon-list-text\">Bei einem medizinischen Problem und gegen Vorlage eines \u00e4rztlichen Attests wird dem Kind ein Camp-Guthaben gutgeschrieben. Es kann dann zu anderen, ihm besser passenden Terminen am Camp teilnehmen. <\/span>\n\t\t\t\t\t\t\t\t\t<\/li>\n\t\t\t\t\t\t<\/ul>\n\t\t\t\t\t\t<\/div>\n\t\t\t\t<\/div>\n\t\t\t\t<\/div>\n\t\t\t\t\t<\/details>\n\t\t\t\t\t<\/div>\n\t\t\t\t\t<script type=\"application\/ld+json\">{\"@context\":\"https:\\\/\\\/schema.org\",\"@type\":\"FAQPage\",\"mainEntity\":[{\"@type\":\"Question\",\"name\":\"Wann kann mein Kind mit den Klettercamps beginnen? Ab welchem Alter kann es an einem Camp oder einer Aktivit\\u00e4t teilnehmen?\",\"acceptedAnswer\":{\"@type\":\"Answer\",\"text\":\"Das Mindestalter f\\u00fcr \\u00dcbernachtungscamps betr\\u00e4gt 7 Jahre. Nach Absprache und Gespr\\u00e4ch mit den Eltern kann das Mindestalter in bestimmten Sonderf\\u00e4llen auf 6 Jahre gesenkt werden. \\n\\t\\t\\t\\t\\t\\t\\t\\t\\t\\n\\t\\t\\t\\t\\t\\t\\t\\t\\n\\t\\t\\t\\t\\t\\t\\t\\t\\t\\t\\t\\n\\t\\t\\t\\t\\t\\t\\t\\t\\t\\t\\t\\t\\t\\n\\t\\t\\t\\t\\t\\t\\t\\t\\t\\tDas Mindestalter f\\u00fcr Nicht-\\u00dcbernachtungscamps betr\\u00e4gt 6 Jahre. Nach Absprache und einem Gespr\\u00e4ch mit den Eltern kann das Mindestalter in bestimmten Sonderf\\u00e4llen auf 5 Jahre gesenkt werden. \\n\\t\\t\\t\\t\\t\\t\\t\\t\\t\\n\\t\\t\\t\\t\\t\\t\\t\\t\\n\\t\\t\\t\\t\\t\\t\\t\\t\\t\\t\\t\\n\\t\\t\\t\\t\\t\\t\\t\\t\\t\\t\\t\\t\\t\\n\\t\\t\\t\\t\\t\\t\\t\\t\\t\\tF\\u00fcr Aktivit\\u00e4ten betr\\u00e4gt das Mindestalter 4 Jahre.\"}},{\"@type\":\"Question\",\"name\":\"Wo kann ich Kletterausr\\u00fcstung mieten? Ist das im Preis des Camps oder der Aktivit\\u00e4t inbegriffen?\",\"acceptedAnswer\":{\"@type\":\"Answer\",\"text\":\"Das technische Material (Kletterschuhe, Klettergurt, Helm) wird von der Schule gestellt. F\\u00fcr Kleidung, Schuhe oder Sonstiges k\\u00f6nnt ihr euer Kind in Bergsportgesch\\u00e4ften ausstatten (siehe unsere Partner unter \\u201ePraktisches\\u201c). \\n\\t\\t\\t\\t\\t\\t\\t\\t\\t\\n\\t\\t\\t\\t\\t\\t\\t\\t\\n\\t\\t\\t\\t\\t\\t\\t\\t\\t\\t\\t\\n\\t\\t\\t\\t\\t\\t\\t\\t\\t\\t\\t\\t\\t\\n\\t\\t\\t\\t\\t\\t\\t\\t\\t\\tIm Allgemeinen ist die Miete des technischen Materials bei Aktivit\\u00e4ten im Preis inbegriffen, es sei denn, der Mietpreis ist ausdr\\u00fccklich erw\\u00e4hnt.\"}},{\"@type\":\"Question\",\"name\":\"Wo finde ich den Treffpunkt f\\u00fcr das Camp oder die Aktivit\\u00e4t meines Kindes? Was soll ich tun, wenn ich zu sp\\u00e4t komme?\",\"acceptedAnswer\":{\"@type\":\"Answer\",\"text\":\"Der Treffpunkt f\\u00fcr die Camps (Chalet) ist unter \\u201eAnfahrtsplan\\u201c des Camps (Google Maps, Foto und Beschreibung) genau angegeben. Achtung, unsere Camps finden in 2 verschiedenen Chalets statt (s\\u00fcdlich und n\\u00f6rdlich von La D\\u00f4le). Eine WhatsApp-Nachricht mit den letzten logistischen Details wird euch einige Tage vor dem Camp zugesandt, in der genau angegeben wird, zu welchem Chalet ihr fahren m\\u00fcsst.  \\n\\t\\t\\t\\t\\t\\t\\t\\t\\t\\n\\t\\t\\t\\t\\t\\t\\t\\t\\n\\t\\t\\t\\t\\t\\t\\t\\t\\t\\t\\t\\n\\t\\t\\t\\t\\t\\t\\t\\t\\t\\t\\t\\t\\t\\n\\t\\t\\t\\t\\t\\t\\t\\t\\t\\tDer Treffpunkt f\\u00fcr die Aktivit\\u00e4ten kann variieren. Er wird euch zusammen mit der Ausr\\u00fcstung, Picknick, Getr\\u00e4nken usw. einige Tage vor der Aktivit\\u00e4t per Nachricht mitgeteilt. \\n\\t\\t\\t\\t\\t\\t\\t\\t\\t\\n\\t\\t\\t\\t\\t\\t\\t\\t\\n\\t\\t\\t\\t\\t\\t\\t\\t\\t\\t\\t\\n\\t\\t\\t\\t\\t\\t\\t\\t\\t\\t\\t\\t\\t\\n\\t\\t\\t\\t\\t\\t\\t\\t\\t\\tBei Versp\\u00e4tung bitten wir euch, uns umgehend per Nachricht zu informieren oder anzurufen.\"}},{\"@type\":\"Question\",\"name\":\"Habt ihr eine Materialliste f\\u00fcr mein Kind, das an einem Camp teilnimmt?\",\"acceptedAnswer\":{\"@type\":\"Answer\",\"text\":\"Ja, eine vollst\\u00e4ndige Liste des Materials, das euer Kind zum Camp mitbringen muss, findet ihr unter der Rubrik \\u201eAusr\\u00fcstung und Material\\u201c in den Campdetails oder auf Seite 8 des PDF-Anmeldeformulars.\"}},{\"@type\":\"Question\",\"name\":\"Wie komme ich mit dem Auto zur D\\u00f4le? Kann ich mit dem Zug zum Camp kommen?\",\"acceptedAnswer\":{\"@type\":\"Answer\",\"text\":\"Die Zufahrtswege zur Station findet ihr unter der Rubrik \\u201ePraktisches\\u201c.\\n\\t\\t\\t\\t\\t\\t\\t\\t\\t\\n\\t\\t\\t\\t\\t\\t\\t\\t\\n\\t\\t\\t\\t\\t\\t\\t\\t\\t\\t\\t\\n\\t\\t\\t\\t\\t\\t\\t\\t\\t\\t\\t\\t\\t\\n\\t\\t\\t\\t\\t\\t\\t\\t\\t\\tDie Anfahrtspl\\u00e4ne mit dem Auto zu den Chalets f\\u00fcr die Camps findet ihr unter der Rubrik \\u201eAnfahrtsplan\\u201c jedes Camps.\\n\\t\\t\\t\\t\\t\\t\\t\\t\\t\\n\\t\\t\\t\\t\\t\\t\\t\\t\\n\\t\\t\\t\\t\\t\\t\\t\\t\\t\\t\\t\\n\\t\\t\\t\\t\\t\\t\\t\\t\\t\\t\\t\\t\\t\\n\\t\\t\\t\\t\\t\\t\\t\\t\\t\\tDer Bahnhof La Cure ist einige Kilometer vom Fu\\u00dfe der D\\u00f4le entfernt. Im Sommer gibt es keinen Shuttle oder Bus vom Bahnhof. Die einzige M\\u00f6glichkeit ist zu Fu\\u00df, mit dem Fahrrad oder mit dem Taxi. Im Winter verkehren regelm\\u00e4\\u00dfige Shuttles zwischen dem Bahnhof La Cure und La D\\u00f4le.\"}},{\"@type\":\"Question\",\"name\":\"Wie kann ich mein Camp buchen?\",\"acceptedAnswer\":{\"@type\":\"Answer\",\"text\":\"Die Anmeldung f\\u00fcr die Camps beginnt bereits im November f\\u00fcr den folgenden Sommer und im September f\\u00fcr den folgenden Winter. Die Anmeldebedingungen f\\u00fcr die Camps findet ihr auf dem Anmeldeformular. \\n\\t\\t\\t\\t\\t\\t\\t\\t\\t\\n\\t\\t\\t\\t\\t\\t\\t\\t\\n\\t\\t\\t\\t\\t\\t\\t\\t\\t\\t\\t\\n\\t\\t\\t\\t\\t\\t\\t\\t\\t\\t\\t\\t\\t\\n\\t\\t\\t\\t\\t\\t\\t\\t\\t\\tWenn ihr eure Familienferien im Voraus plant und einen freien Platz f\\u00fcr euer Kind zu einem bestimmten Camp-Termin garantieren m\\u00f6chtet, meldet euer Kind so fr\\u00fch wie m\\u00f6glich an, insbesondere f\\u00fcr die ersten 2 Wochen der Waadtl\\u00e4nder Sommerferien (die am gefragtesten sind).\\n\\t\\t\\t\\t\\t\\t\\t\\t\\t\\n\\t\\t\\t\\t\\t\\t\\t\\t\\n\\t\\t\\t\\t\\t\\t\\t\\t\\t\\t\\t\\n\\t\\t\\t\\t\\t\\t\\t\\t\\t\\t\\t\\t\\t\\n\\t\\t\\t\\t\\t\\t\\t\\t\\t\\tWenn eine Campwoche ausgebucht ist, schlie\\u00dfen wir die Anmeldungen und es ist nicht mehr m\\u00f6glich, euer Kind f\\u00fcr diese Termine anzumelden.\"}},{\"@type\":\"Question\",\"name\":\"Wann muss ich f\\u00fcr meine Aktivit\\u00e4t bezahlen?\",\"acceptedAnswer\":{\"@type\":\"Answer\",\"text\":\"Bucht eure Aktivit\\u00e4t telefonisch oder per WhatsApp: Sendet uns eine WhatsApp-Nachricht oder ruft an, um einen Tag und ein Zeitfenster zu vereinbaren. Ihr erhaltet dann einen MyPos-Link f\\u00fcr eure Buchung. Sobald die Kursgeb\\u00fchr per Kreditkarte \\u00fcber den MYPOS-Link oder per TWINT bezahlt wurde, erhaltet ihr eine Best\\u00e4tigung, den Namen eures Guides und einen Google Maps-Link zum Treffpunkt. Im Allgemeinen erfolgt die Zahlung mindestens eine Woche im Voraus, um euch das gew\\u00fcnschte Zeitfenster zu garantieren. W\\u00e4hrend der Schulferien muss die Buchung weit im Voraus erfolgen, um einen verf\\u00fcgbaren Betreuer zu haben.\"}},{\"@type\":\"Question\",\"name\":\"Muss ich eine Versicherung abschlie\\u00dfen? Ist sie im Preis der Camps oder Aktivit\\u00e4ten enthalten?\",\"acceptedAnswer\":{\"@type\":\"Answer\",\"text\":\"Die Schule lehnt jede Haftung im Falle eines Unfalls ab. Jeder Teilnehmer muss \\u00fcber eine eigene Unfallversicherung verf\\u00fcgen. \\n\\t\\t\\t\\t\\t\\t\\t\\t\\t\\n\\t\\t\\t\\t\\t\\t\\t\\t\\n\\t\\t\\t\\t\\t\\t\\t\\t\\t\\t\\t\\n\\t\\t\\t\\t\\t\\t\\t\\t\\t\\t\\t\\t\\t\\n\\t\\t\\t\\t\\t\\t\\t\\t\\t\\tPersonen, die an Camps oder Aktivit\\u00e4ten teilnehmen, sind nicht durch die Schulversicherung abgedeckt. Jeder Teilnehmer muss sich selbst gegen die Risiken dieser Art von sportlicher Aktivit\\u00e4t versichern. Die REGA-Versicherung deckt Such-, Rettungs- und R\\u00fcckf\\u00fchrungskosten ab. Sie ist obligatorisch f\\u00fcr die Teilnahme an unseren Camps und Aktivit\\u00e4ten.\"}},{\"@type\":\"Question\",\"name\":\"Findet das Camp statt, wenn es regnet?\",\"acceptedAnswer\":{\"@type\":\"Answer\",\"text\":\"Ja. Das Camp findet bei allen Wetterbedingungen statt (Sonne, Wind, K\\u00e4lte oder Regen). Das Wetter ist in keinem Fall ein Grund f\\u00fcr eine Absage.  \\n\\t\\t\\t\\t\\t\\t\\t\\t\\t\\n\\t\\t\\t\\t\\t\\t\\t\\t\\n\\t\\t\\t\\t\\t\\t\\t\\t\\t\\t\\t\\n\\t\\t\\t\\t\\t\\t\\t\\t\\t\\t\\t\\t\\t\\n\\t\\t\\t\\t\\t\\t\\t\\t\\t\\tDas Programm wird je nach den aktuellen Bedingungen festgelegt. Wir haben in der Region Felsen, die auch bei Regen gesch\\u00fctzt sind. Bei schlechtem Wetter ist auch Klettern in der Halle eine Option. Bei gro\\u00dfer Hitze werden Klettergebiete im Schatten oder im k\\u00fchlen Wald bevorzugt.\"}},{\"@type\":\"Question\",\"name\":\"In welchem Klettercamp und auf welchem Niveau soll ich mein Kind anmelden?\",\"acceptedAnswer\":{\"@type\":\"Answer\",\"text\":\"Die Niveaus reichen von Dole 1 bis Dole 6. Wenn ihr unsicher seid, welches Niveau das richtige ist, z\\u00f6gert nicht, uns zu kontaktieren. In jedem Fall \\u00fcberpr\\u00fcfen wir das tats\\u00e4chliche Kletterniveau am ersten Camptag vor Ort und passen uns entsprechend an.\"}},{\"@type\":\"Question\",\"name\":\"Was lernt man im Klettercamp? Machen die Kinder einen Test?\",\"acceptedAnswer\":{\"@type\":\"Answer\",\"text\":\"Durch die Teilnahme an unseren Camps begleitet ein \\u201eGecko Trophy\\u201c-Heft euer Kind beim Erlernen und Verbessern seiner Kletterf\\u00e4higkeiten und macht seine Fortschritte sichtbar. Wenn es regelm\\u00e4\\u00dfig an den Camps teilnimmt und die vorgeschlagenen \\u00dcbungen und Herausforderungen aktiv meistert, kann sein Betreuer dies in diesem Heft best\\u00e4tigen. Sobald alle erforderlichen Best\\u00e4tigungen vorliegen, erh\\u00e4lt euer Kind die entsprechende Medaille.\"}},{\"@type\":\"Question\",\"name\":\"Ist die Medaille im Preis der Campwoche inbegriffen?\",\"acceptedAnswer\":{\"@type\":\"Answer\",\"text\":\"Ja, die Medaille, der Test und das Heft sind im Preis der Campwoche inbegriffen.\"}},{\"@type\":\"Question\",\"name\":\"Gibt es eine R\\u00fcckerstattung, wenn das Kind sein Camp abbricht?\",\"acceptedAnswer\":{\"@type\":\"Answer\",\"text\":\"Nein, wenn das Kind das Camp w\\u00e4hrend der Woche aus irgendeinem Grund abbricht, wird das Camp nicht zur\\u00fcckerstattet.\"}},{\"@type\":\"Question\",\"name\":\"Was passiert, wenn mein Kind vor dem Camp krank wird oder sich verletzt?\",\"acceptedAnswer\":{\"@type\":\"Answer\",\"text\":\"Bei einem medizinischen Problem und gegen Vorlage eines \\u00e4rztlichen Attests wird dem Kind ein Camp-Guthaben gutgeschrieben. Es kann dann zu anderen, ihm besser passenden Terminen am Camp teilnehmen.\"}}]}<\/script>\n\t\t\t\t\t\t\t<\/div>\n\t\t\t\t<\/div>\n\t\t\t\t\t<\/div>\n\t\t\t\t<\/div>\n\t\t\t\t<\/div>\n\t\t","protected":false},"excerpt":{"rendered":"<p>Progression Dole Wann kann mein Kind mit den Klettercamps beginnen? Ab welchem Alter kann es an einem Camp oder einer Aktivit\u00e4t teilnehmen? Das Mindestalter f\u00fcr \u00dcbernachtungscamps betr\u00e4gt 7 Jahre. Nach Absprache und Gespr\u00e4ch mit den Eltern kann das Mindestalter in bestimmten Sonderf\u00e4llen auf 6 Jahre gesenkt werden. Das Mindestalter f\u00fcr Nicht-\u00dcbernachtungscamps betr\u00e4gt 6 Jahre. Nach [&hellip;]<\/p>\n","protected":false},"author":1,"featured_media":0,"parent":0,"menu_order":0,"comment_status":"closed","ping_status":"closed","template":"","meta":{"_acf_changed":false,"footnotes":""},"class_list":["post-15688","page","type-page","status-publish","hentry"],"acf":[],"yoast_head":"<!-- This site is optimized with the Yoast SEO plugin v27.3 - https:\/\/yoast.com\/product\/yoast-seo-wordpress\/ -->\n<title>FAQ | Progression Dole<\/title>\n<meta name=\"description\" content=\"Alle Antworten auf deine Fragen zu unseren Klettercamps, Outdoor-Aktivit\u00e4ten, Voraussetzungen, Unterkunft und Anmeldungen. Besuche unsere FAQ.\" \/>\n<meta name=\"robots\" content=\"index, follow, max-snippet:-1, max-image-preview:large, max-video-preview:-1\" \/>\n<link rel=\"canonical\" href=\"https:\/\/progression-dole.ch\/de\/faq\/\" \/>\n<meta property=\"og:locale\" content=\"de_DE\" \/>\n<meta property=\"og:type\" content=\"article\" \/>\n<meta property=\"og:title\" content=\"FAQ | Progression Dole\" \/>\n<meta property=\"og:description\" content=\"Alle Antworten auf deine Fragen zu unseren Klettercamps, Outdoor-Aktivit\u00e4ten, Voraussetzungen, Unterkunft und Anmeldungen. Besuche unsere FAQ.\" \/>\n<meta property=\"og:url\" content=\"https:\/\/progression-dole.ch\/de\/faq\/\" \/>\n<meta property=\"og:site_name\" content=\"Progression Dole\" \/>\n<meta property=\"article:publisher\" content=\"https:\/\/www.facebook.com\/guideslacote\" \/>\n<meta property=\"article:modified_time\" content=\"2026-03-09T15:31:18+00:00\" \/>\n<meta property=\"og:image\" content=\"https:\/\/progression-dole.ch\/wp-content\/uploads\/2025\/09\/logo.jpg\" \/>\n\t<meta property=\"og:image:width\" content=\"900\" \/>\n\t<meta property=\"og:image:height\" content=\"900\" \/>\n\t<meta property=\"og:image:type\" content=\"image\/jpeg\" \/>\n<meta name=\"twitter:card\" content=\"summary_large_image\" \/>\n<meta name=\"twitter:label1\" content=\"Gesch\u00e4tzte Lesezeit\" \/>\n\t<meta name=\"twitter:data1\" content=\"9\u00a0Minute\" \/>\n<script type=\"application\/ld+json\" class=\"yoast-schema-graph\">{\"@context\":\"https:\\\/\\\/schema.org\",\"@graph\":[{\"@type\":\"WebPage\",\"@id\":\"https:\\\/\\\/progression-dole.ch\\\/de\\\/faq\\\/\",\"url\":\"https:\\\/\\\/progression-dole.ch\\\/de\\\/faq\\\/\",\"name\":\"FAQ | Progression Dole\",\"isPartOf\":{\"@id\":\"https:\\\/\\\/progression-dole.ch\\\/de\\\/#website\"},\"datePublished\":\"2025-12-08T08:43:47+00:00\",\"dateModified\":\"2026-03-09T15:31:18+00:00\",\"description\":\"Alle Antworten auf deine Fragen zu unseren Klettercamps, Outdoor-Aktivit\u00e4ten, Voraussetzungen, Unterkunft und Anmeldungen. Besuche unsere FAQ.\",\"breadcrumb\":{\"@id\":\"https:\\\/\\\/progression-dole.ch\\\/de\\\/faq\\\/#breadcrumb\"},\"inLanguage\":\"de\",\"potentialAction\":[{\"@type\":\"ReadAction\",\"target\":[\"https:\\\/\\\/progression-dole.ch\\\/de\\\/faq\\\/\"]}]},{\"@type\":\"BreadcrumbList\",\"@id\":\"https:\\\/\\\/progression-dole.ch\\\/de\\\/faq\\\/#breadcrumb\",\"itemListElement\":[{\"@type\":\"ListItem\",\"position\":1,\"name\":\"Home\",\"item\":\"https:\\\/\\\/progression-dole.ch\\\/de\\\/startseite\\\/\"},{\"@type\":\"ListItem\",\"position\":2,\"name\":\"FAQ\"}]},{\"@type\":\"WebSite\",\"@id\":\"https:\\\/\\\/progression-dole.ch\\\/de\\\/#website\",\"url\":\"https:\\\/\\\/progression-dole.ch\\\/de\\\/\",\"name\":\"Ecole suisse d\u2019escalade\",\"description\":\"\",\"potentialAction\":[{\"@type\":\"SearchAction\",\"target\":{\"@type\":\"EntryPoint\",\"urlTemplate\":\"https:\\\/\\\/progression-dole.ch\\\/de\\\/?s={search_term_string}\"},\"query-input\":{\"@type\":\"PropertyValueSpecification\",\"valueRequired\":true,\"valueName\":\"search_term_string\"}}],\"inLanguage\":\"de\"}]}<\/script>\n<!-- \/ Yoast SEO plugin. -->","yoast_head_json":{"title":"FAQ | Progression Dole","description":"Alle Antworten auf deine Fragen zu unseren Klettercamps, Outdoor-Aktivit\u00e4ten, Voraussetzungen, Unterkunft und Anmeldungen. Besuche unsere FAQ.","robots":{"index":"index","follow":"follow","max-snippet":"max-snippet:-1","max-image-preview":"max-image-preview:large","max-video-preview":"max-video-preview:-1"},"canonical":"https:\/\/progression-dole.ch\/de\/faq\/","og_locale":"de_DE","og_type":"article","og_title":"FAQ | Progression Dole","og_description":"Alle Antworten auf deine Fragen zu unseren Klettercamps, Outdoor-Aktivit\u00e4ten, Voraussetzungen, Unterkunft und Anmeldungen. Besuche unsere FAQ.","og_url":"https:\/\/progression-dole.ch\/de\/faq\/","og_site_name":"Progression Dole","article_publisher":"https:\/\/www.facebook.com\/guideslacote","article_modified_time":"2026-03-09T15:31:18+00:00","og_image":[{"width":900,"height":900,"url":"https:\/\/progression-dole.ch\/wp-content\/uploads\/2025\/09\/logo.jpg","type":"image\/jpeg"}],"twitter_card":"summary_large_image","twitter_misc":{"Gesch\u00e4tzte Lesezeit":"9\u00a0Minute"},"schema":{"@context":"https:\/\/schema.org","@graph":[{"@type":"WebPage","@id":"https:\/\/progression-dole.ch\/de\/faq\/","url":"https:\/\/progression-dole.ch\/de\/faq\/","name":"FAQ | Progression Dole","isPartOf":{"@id":"https:\/\/progression-dole.ch\/de\/#website"},"datePublished":"2025-12-08T08:43:47+00:00","dateModified":"2026-03-09T15:31:18+00:00","description":"Alle Antworten auf deine Fragen zu unseren Klettercamps, Outdoor-Aktivit\u00e4ten, Voraussetzungen, Unterkunft und Anmeldungen. Besuche unsere FAQ.","breadcrumb":{"@id":"https:\/\/progression-dole.ch\/de\/faq\/#breadcrumb"},"inLanguage":"de","potentialAction":[{"@type":"ReadAction","target":["https:\/\/progression-dole.ch\/de\/faq\/"]}]},{"@type":"BreadcrumbList","@id":"https:\/\/progression-dole.ch\/de\/faq\/#breadcrumb","itemListElement":[{"@type":"ListItem","position":1,"name":"Home","item":"https:\/\/progression-dole.ch\/de\/startseite\/"},{"@type":"ListItem","position":2,"name":"FAQ"}]},{"@type":"WebSite","@id":"https:\/\/progression-dole.ch\/de\/#website","url":"https:\/\/progression-dole.ch\/de\/","name":"Ecole suisse d\u2019escalade","description":"","potentialAction":[{"@type":"SearchAction","target":{"@type":"EntryPoint","urlTemplate":"https:\/\/progression-dole.ch\/de\/?s={search_term_string}"},"query-input":{"@type":"PropertyValueSpecification","valueRequired":true,"valueName":"search_term_string"}}],"inLanguage":"de"}]}},"_links":{"self":[{"href":"https:\/\/progression-dole.ch\/de\/wp-json\/wp\/v2\/pages\/15688","targetHints":{"allow":["GET"]}}],"collection":[{"href":"https:\/\/progression-dole.ch\/de\/wp-json\/wp\/v2\/pages"}],"about":[{"href":"https:\/\/progression-dole.ch\/de\/wp-json\/wp\/v2\/types\/page"}],"author":[{"embeddable":true,"href":"https:\/\/progression-dole.ch\/de\/wp-json\/wp\/v2\/users\/1"}],"replies":[{"embeddable":true,"href":"https:\/\/progression-dole.ch\/de\/wp-json\/wp\/v2\/comments?post=15688"}],"version-history":[{"count":2,"href":"https:\/\/progression-dole.ch\/de\/wp-json\/wp\/v2\/pages\/15688\/revisions"}],"predecessor-version":[{"id":40750,"href":"https:\/\/progression-dole.ch\/de\/wp-json\/wp\/v2\/pages\/15688\/revisions\/40750"}],"wp:attachment":[{"href":"https:\/\/progression-dole.ch\/de\/wp-json\/wp\/v2\/media?parent=15688"}],"curies":[{"name":"wp","href":"https:\/\/api.w.org\/{rel}","templated":true}]}}